{"version":"1.0","provider_name":"menthai","provider_url":"https:\/\/menthai.cafeblog.hu","author_name":"Tomk\u00f3 Bori","author_url":"https:\/\/menthai.cafeblog.hu\/author\/menthai\/","title":"Pezsg\u0151 \u00e9rzelmek","html":"<p style=\"text-align: justify\"><span style=\"color: #ff6600\"><strong><span style=\"font-family: verdana, geneva\">Az ut\u00f3bbi id\u0151ben egyre t\u00f6bben keresnek fel \u00f6n\u00e9rt\u00e9kel\u00e9si probl\u00e9m\u00e1kkal. Nem mondom, hogy nekem nincsenek id\u0151szakonk\u00e9nt ilyen \u00e9rz\u00e9seim. Van, hogy r\u00e1m is r\u00e1m j\u00f6n, de ez mindig viszony\u00edt\u00e1s k\u00e9rd\u00e9se. Kihez vagy mihez viszony\u00edtva vagyok \u00e9n jobb vagy rosszabb? Egy\u00e1ltal\u00e1n ki mondja meg, milyennek \u201ekell\u201d lenni? A \u201ekell\u201d sz\u00f3t\u00f3l am\u00fagy is viszolygok, mert sz\u00e1momra nem kedves. Mi\u00e9rt KELL valamit megtenni vagy b\u00e1rmilyennek is lenni?\u00a0<\/span><\/strong><\/span><\/p>\r\n<p style=\"text-align: justify\"><span style=\"color: #003366\"><strong><span style=\"font-family: verdana, geneva\">Ett\u0151l f\u00fcggetlen\u00fcl az\u00e9rt fontosak a t\u00e1mpontok, a csal\u00e1d vagy a bar\u00e1tok visszajelz\u00e9sei. Illetve mindenki sz\u00e1m\u00e1ra kulcsfontoss\u00e1g\u00faak a t\u00e1mogat\u00f3k, akik \u00e9rzelmi t\u00e1mogat\u00e1sukkal mellett\u00fcnk, m\u00f6g\u00f6tt\u00fcnk \u00e1llnak. Amikor valami miatt elszontyolodunk, kevesebb a motiv\u00e1ci\u00f3nk munk\u00e1hoz, gyereknevel\u00e9shez, de ak\u00e1r takar\u00edt\u00e1shoz vagy f\u0151z\u00e9shez, akkor az \u201e\u00e9rzelmi szponzorunk\u201d r\u00e1nk mosolyog, biztat p\u00e1r kedves sz\u00f3val, vagy f\u0151z nek\u00fcnk egy te\u00e1t \u00e9s el\u00e9nk tesz egy t\u00e1l \u00e9telt.<\/span><\/strong><\/span><\/p>\r\n<p style=\"text-align: justify\"><strong><span style=\"font-family: verdana, geneva\">\u00a0<img class=\"imgnotext\" src=\"https:\/\/menthai.cafeblog.hu\/files\/2014\/03\/friend.jpg\" alt=\"friend.jpg\" \/><\/span><\/strong><\/p>\r\n<p style=\"text-align: justify\"><span style=\"color: #ff6600\"><strong><span style=\"font-family: verdana, geneva\">Ezzel kapcsolatban egy kedvenc magazinomban (nem \u201etudom\u00e1nyos\u201d n\u0151i magazinr\u00f3l van sz\u00f3) olvastam egy cikket, melyben az al\u00e1bbi t\u00f6rt\u00e9net szerepel:<\/span><\/strong><\/span><\/p>\r\n<p style=\"text-align: justify\"><span style=\"color: #003366\"><strong><span style=\"font-family: verdana, geneva\">A f\u00e9rj elhat\u00e1rozza, hogy fizet\u00e9semel\u00e9st k\u00e9r a munkahely\u00e9n, de meglehet\u0151sen tart a f\u0151n\u00f6k\u00e9vel val\u00f3 besz\u00e9lget\u00e9st\u0151l. Feles\u00e9ge azonban b\u00e1tor\u00edtja, \u00e9s este, amikor a f\u00e9rfi haza\u00e9r, \u00fcnnepi vacsor\u00e1val v\u00e1rja. A vacsora v\u00e9g\u00e9n el\u0151veszi a kedvenc pezsg\u0151j\u00e9t, melyen egy aj\u00e1nd\u00e9kk\u00e1rtya van: \u201eGratul\u00e1lok! Igaz\u00e1n meg\u00e9rdemelted!\u201d A f\u00e9rj nagyon meghat\u00f3dott, de egyben csod\u00e1lkozik is, honnan tudhatta a feles\u00e9ge?<\/span><\/strong><\/span><\/p>\r\n<p style=\"text-align: justify\"><span style=\"color: #ff6600\"><strong><span style=\"font-family: verdana, geneva\">Vacsora ut\u00e1n a f\u00e9rfi seg\u00edt leszedni az asztalt, \u00e9s amikor a haszn\u00e1lt szalv\u00e9t\u00e1kat a szemetesbe dobja, akkor \u00e9szrevesz egy pont ugyanolyan k\u00e1rty\u00e1t, mint ami a pezsg\u0151n volt. Kiveszi, elolvassa a sz\u00f6veget: \u201eSajn\u00e1lom, hogy most nem siker\u00fclt, tudom, hogy meg\u00e9rdemelted volna. Ne add fel! Szeretlek!\u201d Ekkor j\u00f6n r\u00e1 a f\u00e9rj, hogy feles\u00e9ge nem nyomozott el\u0151re, s\u0151t nem is j\u00f3sn\u0151, hanem eg\u00e9sz egyszer\u0171en \u00fagy gondolta, ak\u00e1rhogy is lesz, j\u00e1r f\u00e9rj\u00e9nek az \u00fcnnepi vacsora, vagy \u00fcnnepl\u00e9sk\u00e9nt, vagy vigaszul.<\/span><\/strong><\/span><\/p>\r\n<p style=\"text-align: justify\"><strong><span style=\"font-family: verdana, geneva\"><img class=\"imgnotext\" src=\"https:\/\/menthai.cafeblog.hu\/files\/2014\/03\/pezsg\u0151.jpg\" alt=\"pezsg\u0151.jpg\" width=\"409\" height=\"242\" \/><\/span><\/strong><\/p>\r\n<p style=\"text-align: justify\"><span style=\"color: #ff6600\"><strong><span style=\"font-family: verdana, geneva\">B\u00edzik \u00e9s hisz benne valaki, hogy k\u00e9pes r\u00e1, el\u00e9ri, ak\u00e1r most, ak\u00e1r picit k\u00e9s\u0151bb. De a l\u00e9nyeg, hogy nem fogja feladni, mert tudja, t\u00e1mogat\u00f3 h\u00e1ttere van.<\/span><\/strong><\/span><\/p>\r\n<p style=\"text-align: justify\"><span style=\"color: #003366\"><strong><span style=\"font-family: verdana, geneva\">Tegnap hasonl\u00f3 \u00e9rz\u00e9seim voltak. Pezsg\u0151vel indultam \u00fatra egy sz\u00e1momra kedves \u201eszponzoromhoz\u201d. Az elm\u00falt id\u0151ben nagyon sok motiv\u00e1ci\u00f3t \u00e9s biztat\u00f3 sz\u00f3t kaptam t\u0151le, gondoltam sz\u00fclet\u00e9snapja ok\u00e1n is, hogy \u00fcnnepelhet\u00fcnk. Meg is besz\u00e9lt\u00fck el\u0151z\u0151 nap, hogy mikor \u00e9rkezem. Azonban a megbesz\u00e9lt id\u0151pontban a cseng\u0151 \u00e9s a telefon is s\u00fcket f\u00fclekre tal\u00e1lt. Az els\u0151 pillanatban \u00fagy \u00e9reztem, becsaptak. Nem is t\u00e1mogat, ink\u00e1bb t\u00e1mad, b\u00e1nt. Hiszen \u00e9n \u00f6r\u00f6mmel a sz\u00edvemben akartam megosztani vele a velem t\u00f6rt\u00e9nt j\u00f3s\u00e1gokat. De ahogy hazafel\u00e9 tartottam csal\u00f3dottan, k\u00f6nnyesen, j\u00f6ttem r\u00e1 arra, hogy att\u00f3l m\u00e9g, hogy \u00e9n szeretn\u00e9k \u201eosztani, adni\u201d, nem egyenesen ar\u00e1nyos, hogy a m\u00e1sik f\u00e9l is ugyanakkor, ugyanabban a pillanatban akarja. Lehet, hogy most neki nagyobb t\u00e1mogat\u00e1sra van sz\u00fcks\u00e9ge, \u00e9s nem b\u00edrja el az \u00e9n r\u00f6pk\u00f6d\u00e9semet? T\u00e1mogat\u00e1sra lenne sz\u00fcks\u00e9ge, de nem mondja, \u00e9s \u00e9n meg nem tudom? Honnan is tudhatn\u00e1m, hiszen nem vagyok gondolatolvas\u00f3\u2026<\/span><\/strong><\/span><\/p>\r\n<p style=\"text-align: justify\"><strong><span style=\"font-family: verdana, geneva\"><img class=\"imgleft\" src=\"https:\/\/menthai.cafeblog.hu\/files\/2014\/03\/kezek1.jpg\" alt=\"kezek.jpg\" width=\"201\" height=\"284\" \/><span style=\"color: #ff6600\">Sokan vannak \u00fagy, hogy nem mernek kimondani dolgokat, f\u0151leg ilyen term\u00e9szet\u0171eket, mert att\u00f3l f\u00e9lnek, hogy a m\u00e1sik nem \u00e9rti meg. De minden kapcsolat, legyen az bar\u00e1ti, koll\u00e9gai, csal\u00e1di vagy szerelmi, legal\u00e1bb k\u00e9t emberb\u0151l \u00e1ll. K\u00fcl\u00f6nb\u00f6z\u0151 emberekb\u0151l, akiknek k\u00fcl\u00f6nb\u00f6z\u0151 ig\u00e9nyei vannak, melyek v\u00e1ltoznak id\u0151r\u0151l id\u0151re. \u00c9s ha v\u00e1ltoznak, akkor azokr\u00f3l besz\u00e9lni kell. Musz\u00e1j. M\u00e1shogy nem megy. T\u00e1rsadalmi jelens\u00e9g a kapcsolatok eldob\u00e1sa a kommunik\u00e1ci\u00f3 hi\u00e1nya miatt. Pedig a kommunik\u00e1ci\u00f3 gy\u00f3gy\u00edt. A kimondatlan dolgok pedig sebeznek. Saj\u00e1t magunkat legink\u00e1bb. Az \u0151szintes\u00e9g azonban sosem s\u00e9rt\u0151. Hossz\u00fa t\u00e1von legal\u00e1bbis. Csak n\u00e9ha neh\u00e9z belekezdeni \u00e9s kit\u00e1rulkozni. <\/span><\/span><\/strong><\/p>\r\n<p style=\"text-align: justify\"><span style=\"color: #003366\"><strong><span style=\"font-family: verdana, geneva\">De rem\u00e9lem, hogy a mi eset\u00fcnkben megd\u0151l a t\u00e1rsadalmi statisztika, \u00e9s nem vesz\u00edtj\u00fck el egym\u00e1st. Bev\u00e1llaljuk. \u0150szint\u00e9n.<\/span><\/strong><\/span><\/p>\r\n<p>&nbsp;<\/p>","type":"rich","thumbnail_url":"https:\/\/menthai.cafeblog.hu\/files\/2014\/03\/kezek-150x150.jpg","thumbnail_width":150,"thumbnail_height":150}