{"version":"1.0","provider_name":"menthai","provider_url":"https:\/\/menthai.cafeblog.hu","author_name":"Tomk\u00f3 Bori","author_url":"https:\/\/menthai.cafeblog.hu\/author\/menthai\/","title":"Zs\u00f3ka a h\u0151s","html":"<h3>\u00a0<\/h3>\r\n<h3>Zs\u00f3ka egy olyan kis h\u0151s, akire csak a sz\u00fclei mondt\u00e1k azt, amikor a vil\u00e1gra j\u00f6tt, hogy \u0151 m\u00e1rpedig \u00e9lni fog, eg\u00e9szs\u00e9ges lesz\u2026<\/h3>\r\n<p>&nbsp;<\/p>\r\n<p>Zsuzsival egy k\u00f6z\u00f6s ismer\u0151s\u00fcnk hozott \u00f6ssze. Szerettem volna megismerni a t\u00f6rt\u00e9net\u00fcket, hogy megoszthassam m\u00e1sokkal is.<\/p>\r\n<p>A <strong>gy\u00f3gytorn\u00e1sz anyuka<\/strong> 2007 szeptember\u00e9ben ismerkedett meg p\u00e1rj\u00e1val, akivel k\u00e9t \u00e9vvel k\u00e9s\u0151bb \u00f6ssze is h\u00e1zasodtak. Kicsivel k\u00e9s\u0151bb kider\u00fclt, hogy Zsuzsi gyermeket hord a sz\u00edve alatt.<\/p>\r\n<p>&nbsp;<\/p>\r\n<p><em><strong>Innent\u0151l \u0151 mes\u00e9li a t\u00f6rt\u00e9netet:<\/strong><\/em><\/p>\r\n<p>A v\u00e1rand\u00f3ss\u00e1g eg\u00e9sz ideje probl\u00e9m\u00e1s volt. A <strong>12. h\u00e9ten kombin\u00e1lt tesztet v\u00e9geztek<\/strong>, aminek az eredm\u00e9nye azt mutatta, hogy a gyermek val\u00f3sz\u00edn\u0171leg Edwards-szindr\u00f3m\u00e1s. \u00cdgy azt javasolt\u00e1k, ha ez bebizonyosodik, vetessem el. Azt mondt\u00e1k, hogy a <strong>magzatv\u00edz-mintav\u00e9tel<\/strong>b\u0151l egy\u00e9rtelm\u0171en ki fog der\u00fclni, hogy beteg-e vagy sem, de ezt csak a 18.-19. h\u00e9ten lehet teljes biztons\u00e1ggal kimutatni. Addig v\u00e1rtunk\u2026Megcsin\u00e1lt\u00e1k a vizsg\u00e1latot, majd az eredm\u00e9nyre kellett v\u00e1rni, ami a 22. h\u00e9t k\u00f6r\u00fcl \u00e9rkezett meg: nem Edwards-szindr\u00f3m\u00e1s. Viszont valami\u00e9rt nagyon pici a s\u00falya, de nem tudj\u00e1k, mi\u00e9rt. A k\u00f6vetkez\u0151 hetekben vizsg\u00e1latok sora k\u00f6vetkezett, v\u00e9g\u00fcl <strong>azt mondt\u00e1k minden rendben, eg\u00e9szs\u00e9ges<\/strong>.<\/p>\r\n<p>Ezzel az eredm\u00e9nnyel hazaengedtek minket. Majd \u00e9jjel er\u0151s f\u00e1j\u00e1sokra \u00e9bredtem. Nagyon megijedt\u00fcnk. Az \u00e9n orvosom Kaposv\u00e1ron dolgozott, ez ugyan messze van t\u0151l\u00fcnk, de pont, amikor v\u00e1rand\u00f3s lettem, helyezt\u00e9k oda, \u00edgy \u00e9n is k\u00f6vettem. Viszont aznapt\u00f3l \u00e9pp szabads\u00e1gon volt, \u00edgy<strong> 7 perces f\u00e1j\u00e1sokkal a k\u00f6zeli k\u00f3rh\u00e1zba ment\u00fcnk<\/strong>.<\/p>\r\n<p>Ott egy pillanat alatt elsz\u00e1llt minden bizalmam, mert<strong> az \u00fcgyeletes orvos Zs\u00f3k\u00e1t vet\u00e9l\u00e9snek nyilv\u00e1n\u00edtotta<\/strong>. Ezen \u00f6sszevitatkoztunk, mert a m\u00e9retek szerint ugyan k\u00e9rd\u00e9ses volt, h\u00e1nyadik h\u00e9ten j\u00e1runk, viszont a sz\u00e1m\u00edtott kor <strong>26 hetes volt<\/strong>. K\u00f6zben n\u00e9mi inf\u00fazi\u00f3 ut\u00e1n<strong> a f\u00e1j\u00e1saim al\u00e1bbhagytak<\/strong>. Reggel egy ismer\u0151s orvosnak h\u00e1la azonnal \u00e1tsz\u00e1ll\u00edtottak minket P\u00e9csre. Ott a c\u00e9l az volt, hogy bent tarts\u00e1k a bab\u00e1t, am\u00edg lehet.<\/p>\r\n<p>De minden pr\u00f3b\u00e1lkoz\u00e1s kudarcba fulladt, <strong>Zs\u00f3ka ki akart j\u00f6nni<\/strong>. Mivel mells\u0151 fali volt a m\u00e9hlep\u00e9ny, ez\u00e9rt nem volt biztons\u00e1gos a cs\u00e1sz\u00e1rmetsz\u00e9s. <strong>Azon voltak az orvosok, hogy a k\u00e9s\u0151bbiekben m\u00e9g lehessen id\u0151re sz\u00fclet\u0151 eg\u00e9szs\u00e9ges gyermek\u00fcnk.<\/strong><\/p>\r\n<p style=\"text-align: left\"><strong>2010. szeptember 10-\u00e9n 14.40-kor<\/strong> viharos gyorsas\u00e1ggal <strong>megsz\u00fcletett Zs\u00f3ka, 480 grammal \u00e9s 30 centim\u00e9terrel.<\/strong> Azt pontosan nem tudt\u00e1k megmondani, h\u00e1nyadik h\u00e9tre sz\u00fcletett, mert a kor\u00e1bbi vizsg\u00e1latokon mindig m\u00e1st mondtak, de nagyj\u00e1b\u00f3l a 23 \u00e9s 26. h\u00e9t k\u00f6z\u00f6tt j\u00e1rhatott.<\/p>\r\n<p style=\"text-align: left\">\u00a0<\/p>\r\n[caption id=\"attachment_7324679\" align=\"aligncenter\" width=\"300\"]<a href=\"https:\/\/menthai.cafeblog.hu\/files\/2017\/05\/1-1-naposan.jpg\"><img class=\"wp-image-7324679 size-medium\" src=\"https:\/\/menthai.cafeblog.hu\/files\/2017\/05\/1-1-naposan-300x225.jpg\" alt=\"\" width=\"300\" height=\"225\" \/><\/a> 1 naposan[\/caption]\r\n<p>&nbsp;<\/p>\r\n<p>Amit akkor az orvosok mondani tudtak: <strong>ne nagyon rem\u00e9nykedj\u00fcnk, minim\u00e1lis es\u00e9lyeink vannak<\/strong>. Az els\u0151 k\u00e9t napot \u00e9lje t\u00fal, azt\u00e1n az els\u0151 k\u00e9t hetet. Akkor tal\u00e1n van rem\u00e9ny. <strong>T\u00fal\u00e9lte.<\/strong><\/p>\r\n<p>&nbsp;<\/p>\r\n[caption id=\"attachment_7324680\" align=\"aligncenter\" width=\"300\"]<a href=\"https:\/\/menthai.cafeblog.hu\/files\/2017\/05\/2-1-2-hetesen.jpg\"><img class=\"wp-image-7324680 size-medium\" src=\"https:\/\/menthai.cafeblog.hu\/files\/2017\/05\/2-1-2-hetesen-300x225.jpg\" alt=\"\" width=\"300\" height=\"225\" \/><\/a> 2 hetesen[\/caption]\r\n<p>&nbsp;<\/p>\r\n<p>Zs\u00f3k\u00e1nak mindk\u00e9t oldalon <strong>nagyfok\u00fa agyv\u00e9rz\u00e9se volt<\/strong>. Emell\u00e9 minden nap valami \u00fajabb probl\u00e9ma j\u00f6tt. <strong>L\u00e9legeztet\u0151 g\u00e9pen tartott\u00e1k<\/strong>, amir\u0151l sajnos nem tudt\u00e1k leszoktatni. Azt\u00e1n egy szteroid-k\u00fara ut\u00e1n \u0151 megoldotta mag\u00e1nak. Egyszer\u0171en kih\u00fazta a cs\u00f6vet. <strong>M\u00e1r akkor is l\u00e1tsz\u00f3dott, hogy amit ez a l\u00e1ny a fej\u00e9be vesz, azt megcsin\u00e1lja.<\/strong><\/p>\r\n<p>&nbsp;<\/p>\r\n[caption id=\"attachment_7324681\" align=\"aligncenter\" width=\"206\"]<a href=\"https:\/\/menthai.cafeblog.hu\/files\/2017\/05\/3-6-hetesen-az-els\u0151-mosoly-cs\u00f6vek-n\u00e9lk\u00fcl.jpg\"><img class=\"wp-image-7324681 size-full\" src=\"https:\/\/menthai.cafeblog.hu\/files\/2017\/05\/3-6-hetesen-az-els\u0151-mosoly-cs\u00f6vek-n\u00e9lk\u00fcl.jpg\" alt=\"\" width=\"206\" height=\"274\" \/><\/a> 6 hetesen az els\u0151 mosoly cs\u00f6vek n\u00e9lk\u00fcl[\/caption]\r\n<p>&nbsp;<\/p>\r\n<p>A tov\u00e1bbiakban is minden probl\u00e9m\u00e1n ugyanilyen k\u00f6nnyed\u00e9n t\u00fall\u00e9pett. P\u00e9ld\u00e1ul \u00fagy t\u0171nt, hogy teljesen vak lesz, azt\u00e1n egy l\u00e9zeres m\u0171t\u00e9t ut\u00e1n kider\u00fclt, hogy az egyik szeme teljesen j\u00f3, a m\u00e1sikra pedig maximum szem\u00fcveg kell.<\/p>\r\n<p>&nbsp;<\/p>\r\n[caption id=\"attachment_7324682\" align=\"aligncenter\" width=\"300\"]<a href=\"https:\/\/menthai.cafeblog.hu\/files\/2017\/05\/6-2010.nov_.2-a-szemm\u0171t\u00e9t-ut\u00e1n.jpg\"><img class=\"wp-image-7324682 size-medium\" src=\"https:\/\/menthai.cafeblog.hu\/files\/2017\/05\/6-2010.nov_.2-a-szemm\u0171t\u00e9t-ut\u00e1n-300x225.jpg\" alt=\"\" width=\"300\" height=\"225\" \/><\/a> 2010. novemberben, az els\u0151 szemm\u0171t\u00e9t ut\u00e1n[\/caption]\r\n<p>&nbsp;<\/p>\r\n<p>\u00c9n term\u00e9szetesen v\u00e9gig mellette voltam. Lek\u00f6lt\u00f6ztem P\u00e9csre, a f\u00e9rjem pedig minden h\u00e9tv\u00e9g\u00e9n tudott j\u00f6nni. Ugyan a k\u00f3rh\u00e1zi szab\u00e1lyok szerint mind\u00f6ssze d\u00e9lel\u0151tt egyszer, d\u00e9lut\u00e1n pedig h\u00e1romszor 10 percet t\u00f6lthettem volna bent, sokszor megengedt\u00e9k, hogy j\u00f3val t\u00f6bb id\u0151t vele t\u00f6ltsek.<\/p>\r\n<p><strong>Amikor nagyon rezgett a l\u00e9c a k\u00f3rh\u00e1zban t\u00f6lt\u00f6tt h\u00f3napok alatt, mindig arra gondoltam, hogy p\u00e1r h\u00f3nap \u00e9s Zs\u00f3ka ott fog rohang\u00e1lni eg\u00e9szs\u00e9gesen az udvaron.<\/strong><\/p>\r\n<p><strong>December 3-\u00e1n foghattam el\u0151sz\u00f6r a kezembe Zs\u00f3k\u00e1t.<\/strong> Az els\u0151 k\u00e9t h\u00e9tben hozz\u00e1 sem \u00e9rhettem, azt\u00e1n pedig \u00e9pphogy beny\u00falhattam.<\/p>\r\n<p>&nbsp;<\/p>\r\n<p>[gallery ids=\"7324683,7324684\"]<\/p>\r\n<p>Azt mondt\u00e1k, akkor vihetj\u00fck haza, ha el\u00e9ri a 2 kg-ot. B\u00edztunk benne, hogy ez m\u00e1r Kar\u00e1csonyra meglesz, de <strong>v\u00e9g\u00fcl a k\u00e9t \u00fcnnep k\u00f6z\u00f6tt mehett\u00fcnk el, 107 nap ut\u00e1n.<\/strong><\/p>\r\n<p><strong>Na, az otthonl\u00e9ttel kezd\u0151d\u00f6tt csak a neheze.<\/strong> Addig ugye folyamatos fel\u00fcgyelet, szakemberek mellett volt, most pedig csak vel\u00fcnk. Hi\u00e1nyzott a g\u00e9pek biztons\u00e1got ad\u00f3 csipog\u00e1sa. Persze volt l\u00e9gz\u00e9sfigyel\u0151nk, de az\u00e9rt a para ott volt. Az els\u0151 k\u00e9t h\u00e9tben a kisasszony nem igaz\u00e1n tudott aludni \u00e9s vele egy\u00fctt mi sem. Fogalmunk sem volt, hogy mi\u00e9rt, hiszen pont olyan h\u0151m\u00e9rs\u00e9kletet \u00e1ll\u00edtottunk be a lak\u00e1sban, mint a k\u00f3rh\u00e1zban volt. Csak az els\u0151 napokban m\u00e9g j\u00f3l fel is \u00f6lt\u00f6ztett\u00fck \u00e9s vastag takar\u00f3val is betakartuk mell\u00e9! Szeg\u00e9nyt majdnem siker\u00fclt megf\u0151zn\u00fcnk...<\/p>\r\n<p>&nbsp;<\/p>\r\n[caption id=\"attachment_7324693\" align=\"aligncenter\" width=\"206\"]<a href=\"https:\/\/menthai.cafeblog.hu\/files\/2017\/05\/10..jpg\"><img class=\"wp-image-7324693 size-full\" src=\"https:\/\/menthai.cafeblog.hu\/files\/2017\/05\/10..jpg\" alt=\"\" width=\"206\" height=\"274\" \/><\/a> V\u00e9gre otthon![\/caption]\r\n<p>&nbsp;<\/p>\r\n<p>Eleinte hetente k\u00e9tszer kellett k\u00fcl\u00f6nb\u00f6z\u0151 vizsg\u00e1latokra j\u00e1rnunk , majd ezek ritkultak. M\u00e1ra a kardiol\u00f3gi\u00e1ra \u00e9vente egyszer kell menn\u00fcnk, illetve szem\u00e9szetre is. Id\u0151k\u00f6zben m\u00e1sf\u00e9l \u00e9vesen szem\u00fcveget kapott, mert<strong> gyeng\u00e9nl\u00e1t\u00f3<\/strong>. Emiatt Budapestre a Vakok Int\u00e9zet\u00e9be j\u00e1rtunk el\u0151sz\u00f6r l\u00e1t\u00e1s fejleszt\u00e9sre, most pedig iskola el\u0151k\u00e9sz\u00edt\u0151re. Egy\u00e9bk\u00e9nt <strong>norm\u00e1l \u00f3vod\u00e1ba j\u00e1r, \u00e1tlagon fel\u00fcli intelligenci\u00e1val rendelkezik.<\/strong><\/p>\r\n<p>&nbsp;<\/p>\r\n[caption id=\"attachment_7324686\" align=\"aligncenter\" width=\"225\"]<a href=\"https:\/\/menthai.cafeblog.hu\/files\/2017\/05\/23-A-k\u00f3rh\u00e1z-udvar\u00e1n.jpg\"><img class=\"wp-image-7324686 size-medium\" src=\"https:\/\/menthai.cafeblog.hu\/files\/2017\/05\/23-A-k\u00f3rh\u00e1z-udvar\u00e1n-225x300.jpg\" alt=\"\" width=\"225\" height=\"300\" \/><\/a> \u00c9s t\u00e9nyleg ott s\u00e9t\u00e1lt a k\u00f3rh\u00e1z udvar\u00e1n, eg\u00e9szs\u00e9gesen...[\/caption]\r\n<p>&nbsp;<\/p>\r\n<p>Amikor m\u00e1r megnyugodtunk, akkor \u00fagy gondoltuk, legyen Zs\u00f3k\u00e1nak testv\u00e9re. Meglep\u0151en hamar teherbe is estem.<\/p>\r\n<p><strong>\u00c1lomterhess\u00e9g volt<\/strong> a m\u00e1sodik Zs\u00f3k\u00e1\u00e9hoz k\u00e9pest. Az \u0151 sz\u00fclinapj\u00e1ra voltunk ki\u00edrva <strong>D\u00f3ri<\/strong>val. <strong>De az \u00e9let megism\u00e9telte a 3 \u00e9vvel kor\u00e1bbiakat. A 25. h\u00e9tre 580 grammal vil\u00e1gra j\u00f6tt m\u00e1sodik kisl\u00e1nyunk.<\/strong> Az orvosok azt mondt\u00e1k, ha meg\u00e9ri a 14. napot, akkor van es\u00e9lye\u2026 Ugyanazt a kezel\u00e9st ugyanazt a szeretetet kapta, mint Zs\u00f3ka, szinte ugyanaz a fantasztikus csapat kezelte, ennek ellen\u00e9re <strong>\u0150 csak 13 napot volt vel\u00fcnk<\/strong>.<\/p>\r\n<p>&nbsp;<\/p>\r\n<p><a href=\"https:\/\/menthai.cafeblog.hu\/files\/2017\/05\/37.jpg\"><img class=\"size-medium wp-image-7324692 aligncenter\" src=\"https:\/\/menthai.cafeblog.hu\/files\/2017\/05\/37-300x199.jpg\" alt=\"\" width=\"300\" height=\"199\" \/><\/a><\/p>\r\n<p>&nbsp;<\/p>\r\n<p>Zs\u00f3ka tudta, hogy a kistes\u00f3val k\u00f3rh\u00e1zban vagyunk. <strong>Mikor hazament\u00fcnk,nagyot hib\u00e1ztunk.<\/strong> Meg szerett\u00fck volna k\u00edm\u00e9lni a cs\u00f6pp kis lelk\u00e9t \u00e9s <strong>nem mondtuk el neki a t\u00f6rt\u00e9nteket<\/strong>, csak azt, hogy most m\u00e1r itthon maradunk. Kihagytuk a temet\u00e9sb\u0151l is, nem besz\u00e9lt\u00fcnk el\u0151tte az ezzel kapcsolatos dolgokr\u00f3l. \u0150 ezt \u00fagy \u00e9lte meg, mintha a testv\u00e9r\u00e9t otthagytuk volna, mert beteg volt. Onnant\u00f3l kezdve nagyon er\u0151sen szorongani kezdett, nehogy \u0151t is otthagyjuk valahol. Mindenhova k\u00f6vetett minket, \u00e1lland\u00f3an l\u00e1tnia kellett mindkett\u0151nket. Tudom, hogy ezt nem a legjobban kommunik\u00e1ltuk fel\u00e9, de most m\u00e1r nem tudunk rajta v\u00e1ltoztatni.<\/p>\r\n<p><strong>2, 5 \u00e9ves kor\u00e1ig gy\u00f6ny\u00f6r\u0171 sz\u00e9pen besz\u00e9lt<\/strong>, majd a t\u00f6rt\u00e9ntek \u00e9s egy\u00e9b okok miatt a besz\u00e9de jelent\u0151sen visszafejl\u0151d\u00f6tt. Az otthoni gyakorl\u00e1sn\u00e1l vettem \u00e9szre, hogy valami nem stimmel. A logop\u00e9dus megnyugtatott, nincs baja, de ha az engem megnyugtat, vigyem el hall\u00e1svizsg\u00e1latra. El is vittem, ahol <strong>kider\u00fclt, hogy az egyik f\u00fcl\u00e9re alig hall.<\/strong> A magas \u00e9s m\u00e9ly hangokat hallja, a kett\u0151 k\u00f6z\u00f6tti frekvenci\u00e1t viszont nem.<\/p>\r\n<p>Hall\u00f3k\u00e9sz\u00fcl\u00e9ket nem javasoltak, ink\u00e1bb azt, hogy az orrmandul\u00e1it kellene kivenni. Zs\u00f3k\u00e1t azonban az el\u0151zm\u00e9nyek miatt nem merik altatni, \u00edgy maradt m\u00e9gis a k\u00e9sz\u00fcl\u00e9k. Ezzel pedig teljesen j\u00f3l hall.<\/p>\r\n<p>&nbsp;<\/p>\r\n<p><em><strong>Hogy milyen \u0151 most?<\/strong><\/em><\/p>\r\n<p><strong>\u00c9des cserfes vir\u00e1gsz\u00e1l<\/strong>. Testileg ugyan v\u00e9kony, de magass\u00e1gra pont ugyanakkora, mint kort\u00e1rsai. A fejform\u00e1j\u00e1n picit l\u00e1tszik, hogy korasz\u00fcl\u00f6tt, de mivel rengeteg haja van, \u00edgy m\u00e1r ez sem felt\u0171n\u0151.<\/p>\r\n<p>&nbsp;<\/p>\r\n<p>[gallery ids=\"7324690,7324689,7324688,7324687,7324695,7324696\"]<\/p>\r\n<p>&nbsp;<\/p>\r\n<p>Term\u00e9szet\u00e9ben pedig sokkal<strong> \u00e9rz\u00e9kenyebb, akaratosabb, de egyben komolyabb is<\/strong>, mint id\u0151re sz\u00fcletett t\u00e1rsai.<\/p>\r\n<p>Az persze nem hagyott nyugodni minket, hogy sz\u00e1mos vizsg\u00e1lat \u00e9s negat\u00edv eredm\u00e9nyek mellett mi\u00e9rt fordulhatott el\u0151 k\u00e9tszer ugyanaz. <strong>Elment\u00fcnk Czeizel professzorhoz<\/strong>, aki teljes genetikai vizsg\u00e1latot v\u00e9gzett n\u00e1lunk. <strong>Kider\u00fclt, hogy genetikailag \u00f6sszef\u00e9rhetetlenek vagyunk a f\u00e9rjemmel. \u00cdgy csoda, hogy Zs\u00f3ka van nek\u00fcnk!<\/strong><\/p>\r\n<p>M\u00e1r D\u00f3ri sz\u00fclet\u00e9se el\u0151tt is bekapcsol\u00f3dtam a <strong>KORE<\/strong> (<em>Korasz\u00fcl\u00f6ttek\u00e9rt Orsz\u00e1gos Egyes\u00fclet<\/em>) munk\u00e1j\u00e1ba, de az \u0151 hal\u00e1la ut\u00e1n m\u00e9g intenz\u00edvebben. Ott \u00e9rintett sz\u00fcl\u0151kk\u00e9nt egym\u00e1st seg\u00edtj\u00fck minden t\u00e9ren. Az\u00f3ta elkezdtem a <strong>D\u00e9v\u00e9ny-m\u00f3dszert tanulni<\/strong>, hogy min\u00e9l t\u00f6bb s\u00e9r\u00fclt bab\u00e1nak tudjak seg\u00edteni, min\u00e9l t\u00f6bb sz\u00fcl\u0151nek adhassak rem\u00e9nyt. Mert ahhoz, hogy Zs\u00f3ka eg\u00e9szs\u00e9ges legyen, a fantasztikus k\u00f3rh\u00e1zi szem\u00e9lyzet, rengeteg szakember magas szint\u0171 \u00e1ldozatos munk\u00e1ja mellett sz\u00fcks\u00e9g volt erre a csod\u00e1latos m\u00f3dszerre. En\u00e9lk\u00fcl nem itt tartan\u00e1nk! <strong>Hiszem, hogy nincs az a rossz, amib\u0151l ne sz\u00fcletne valami j\u00f3.<\/strong><\/p>\r\n<p>A mi dolgunk, hogy minden helyzetb\u0151l \u00e9s minden gyermekb\u0151l kihozzuk a lehet\u0151 legjobbat!<\/p>\r\n<p>De az az\u00e9rt mindig k\u00f6nnyeket csal a szemembe \u00e9s elszorul a sz\u00edvem, amikor egy olyan kisbaba j\u00f6n hozz\u00e1m, aki t\u00fal\u00e9lte azt, amit D\u00f3ri nem. Na ez a kem\u00e9ny\u2026<\/p>\r\n<p><strong>Viszont Zs\u00f3ka cserfes, igazi energiabomba kisl\u00e1ny \u00e9s ugyan teljesen soha nem nyugszunk meg, az \u00e9letereje mindent fel\u00fcl\u00edr. No meg az, hogy m\u00e1r most 6 \u00e9vesen jobban sz\u00e1mol, mint \u00e9n<\/strong> \u263a.<\/p>\r\n<p>&nbsp;<\/p>\r\n<p><a href=\"https:\/\/menthai.cafeblog.hu\/files\/2017\/05\/33.-2016.12.31.jpg\"><img class=\"size-medium wp-image-7324691 aligncenter\" src=\"https:\/\/menthai.cafeblog.hu\/files\/2017\/05\/33.-2016.12.31-300x300.jpg\" alt=\"\" width=\"300\" height=\"300\" \/><\/a><\/p>\r\n<p>&nbsp;<\/p>\r\n<p>&nbsp;<\/p>\r\n<p>&nbsp;<\/p>","type":"rich","thumbnail_url":"https:\/\/menthai.cafeblog.hu\/files\/2017\/05\/37-150x150.jpg","thumbnail_width":150,"thumbnail_height":150}